{"id":2304,"date":"2023-09-25T12:02:42","date_gmt":"2023-09-25T10:02:42","guid":{"rendered":"https:\/\/www.thierry-groensteen.fr\/?page_id=2304"},"modified":"2023-12-01T13:20:18","modified_gmt":"2023-12-01T12:20:18","slug":"archives","status":"publish","type":"page","link":"https:\/\/www.thierry-groensteen.fr\/index.php\/archives\/","title":{"rendered":"Archives"},"content":{"rendered":"<div class=\"fusion-fullwidth fullwidth-box fusion-builder-row-1 fusion-flex-container has-pattern-background has-mask-background nonhundred-percent-fullwidth non-hundred-percent-height-scrolling\" style=\"--awb-border-radius-top-left:0px;--awb-border-radius-top-right:0px;--awb-border-radius-bottom-right:0px;--awb-border-radius-bottom-left:0px;--awb-flex-wrap:wrap;\" ><div class=\"fusion-builder-row fusion-row fusion-flex-align-items-flex-start fusion-flex-content-wrap\" style=\"max-width:1302px;margin-left: calc(-5% \/ 2 );margin-right: calc(-5% \/ 2 );\"><div class=\"fusion-layout-column fusion_builder_column fusion-builder-column-0 fusion_builder_column_1_6 1_6 fusion-flex-column\" style=\"--awb-bg-size:cover;--awb-width-large:16.666666666667%;--awb-margin-top-large:0px;--awb-spacing-right-large:14.25%;--awb-margin-bottom-large:0px;--awb-spacing-left-large:14.25%;--awb-width-medium:16.666666666667%;--awb-order-medium:0;--awb-spacing-right-medium:14.25%;--awb-spacing-left-medium:14.25%;--awb-width-small:100%;--awb-order-small:0;--awb-spacing-right-small:2.375%;--awb-spacing-left-small:2.375%;\"><div class=\"fusion-column-wrapper fusion-column-has-shadow fusion-flex-justify-content-flex-start fusion-content-layout-column\"><\/div><\/div><div class=\"fusion-layout-column fusion_builder_column fusion-builder-column-1 fusion_builder_column_2_3 2_3 fusion-flex-column\" style=\"--awb-bg-size:cover;--awb-width-large:66.666666666667%;--awb-margin-top-large:0px;--awb-spacing-right-large:3.5625%;--awb-margin-bottom-large:0px;--awb-spacing-left-large:3.5625%;--awb-width-medium:66.666666666667%;--awb-order-medium:0;--awb-spacing-right-medium:3.5625%;--awb-spacing-left-medium:3.5625%;--awb-width-small:100%;--awb-order-small:0;--awb-spacing-right-small:2.375%;--awb-spacing-left-small:2.375%;\"><div class=\"fusion-column-wrapper fusion-column-has-shadow fusion-flex-justify-content-flex-start fusion-content-layout-column\"><div class=\"fusion-widget fusion-widget-element fusion-widget-area fusion-content-widget-area wpWidget-1 wp_widget_archives\" style=\"--awb-fusion-border-size:0px;--awb-fusion-border-style:solid;\"><div class=\"widget widget_archive\"><div class=\"heading\"><h4 class=\"widget-title\">Mes archives<\/h4><\/div>\n\t\t\t<ul>\n\t\t\t\t\t<li><a href='https:\/\/www.thierry-groensteen.fr\/index.php\/2026\/04\/'>avril 2026 (4)<\/a><\/li>\n\t<li><a href='https:\/\/www.thierry-groensteen.fr\/index.php\/2026\/03\/'>mars 2026 (5)<\/a><\/li>\n\t<li><a href='https:\/\/www.thierry-groensteen.fr\/index.php\/2026\/02\/'>f\u00e9vrier 2026 (5)<\/a><\/li>\n\t<li><a href='https:\/\/www.thierry-groensteen.fr\/index.php\/2026\/01\/'>janvier 2026 (6)<\/a><\/li>\n\t<li><a href='https:\/\/www.thierry-groensteen.fr\/index.php\/2025\/12\/'>d\u00e9cembre 2025 (5)<\/a><\/li>\n\t<li><a href='https:\/\/www.thierry-groensteen.fr\/index.php\/2025\/11\/'>novembre 2025 (5)<\/a><\/li>\n\t<li><a href='https:\/\/www.thierry-groensteen.fr\/index.php\/2025\/10\/'>octobre 2025 (6)<\/a><\/li>\n\t<li><a href='https:\/\/www.thierry-groensteen.fr\/index.php\/2025\/09\/'>septembre 2025 (4)<\/a><\/li>\n\t<li><a href='https:\/\/www.thierry-groensteen.fr\/index.php\/2025\/07\/'>juillet 2025 (4)<\/a><\/li>\n\t<li><a href='https:\/\/www.thierry-groensteen.fr\/index.php\/2025\/06\/'>juin 2025 (4)<\/a><\/li>\n\t<li><a href='https:\/\/www.thierry-groensteen.fr\/index.php\/2025\/05\/'>mai 2025 (5)<\/a><\/li>\n\t<li><a href='https:\/\/www.thierry-groensteen.fr\/index.php\/2025\/04\/'>avril 2025 (6)<\/a><\/li>\n\t<li><a href='https:\/\/www.thierry-groensteen.fr\/index.php\/2025\/03\/'>mars 2025 (7)<\/a><\/li>\n\t<li><a href='https:\/\/www.thierry-groensteen.fr\/index.php\/2025\/02\/'>f\u00e9vrier 2025 (5)<\/a><\/li>\n\t<li><a href='https:\/\/www.thierry-groensteen.fr\/index.php\/2025\/01\/'>janvier 2025 (6)<\/a><\/li>\n\t<li><a href='https:\/\/www.thierry-groensteen.fr\/index.php\/2024\/12\/'>d\u00e9cembre 2024 (6)<\/a><\/li>\n\t<li><a href='https:\/\/www.thierry-groensteen.fr\/index.php\/2024\/11\/'>novembre 2024 (5)<\/a><\/li>\n\t<li><a href='https:\/\/www.thierry-groensteen.fr\/index.php\/2024\/10\/'>octobre 2024 (6)<\/a><\/li>\n\t<li><a href='https:\/\/www.thierry-groensteen.fr\/index.php\/2024\/09\/'>septembre 2024 (6)<\/a><\/li>\n\t<li><a href='https:\/\/www.thierry-groensteen.fr\/index.php\/2024\/08\/'>ao\u00fbt 2024 (2)<\/a><\/li>\n\t<li><a href='https:\/\/www.thierry-groensteen.fr\/index.php\/2024\/07\/'>juillet 2024 (6)<\/a><\/li>\n\t<li><a href='https:\/\/www.thierry-groensteen.fr\/index.php\/2024\/06\/'>juin 2024 (6)<\/a><\/li>\n\t<li><a href='https:\/\/www.thierry-groensteen.fr\/index.php\/2024\/05\/'>mai 2024 (7)<\/a><\/li>\n\t<li><a href='https:\/\/www.thierry-groensteen.fr\/index.php\/2024\/04\/'>avril 2024 (5)<\/a><\/li>\n\t<li><a href='https:\/\/www.thierry-groensteen.fr\/index.php\/2024\/03\/'>mars 2024 (7)<\/a><\/li>\n\t<li><a href='https:\/\/www.thierry-groensteen.fr\/index.php\/2024\/02\/'>f\u00e9vrier 2024 (6)<\/a><\/li>\n\t<li><a href='https:\/\/www.thierry-groensteen.fr\/index.php\/2024\/01\/'>janvier 2024 (7)<\/a><\/li>\n\t<li><a href='https:\/\/www.thierry-groensteen.fr\/index.php\/2023\/12\/'>d\u00e9cembre 2023 (7)<\/a><\/li>\n\t<li><a href='https:\/\/www.thierry-groensteen.fr\/index.php\/2023\/11\/'>novembre 2023 (7)<\/a><\/li>\n\t<li><a href='https:\/\/www.thierry-groensteen.fr\/index.php\/2023\/10\/'>octobre 2023 (4)<\/a><\/li>\n\t\t\t<\/ul>\n\n\t\t\t<\/div><\/div><\/div><\/div><div class=\"fusion-layout-column fusion_builder_column fusion-builder-column-2 fusion_builder_column_1_6 1_6 fusion-flex-column\" style=\"--awb-bg-size:cover;--awb-width-large:16.666666666667%;--awb-margin-top-large:0px;--awb-spacing-right-large:14.25%;--awb-margin-bottom-large:0px;--awb-spacing-left-large:14.25%;--awb-width-medium:16.666666666667%;--awb-order-medium:0;--awb-spacing-right-medium:14.25%;--awb-spacing-left-medium:14.25%;--awb-width-small:100%;--awb-order-small:0;--awb-spacing-right-small:2.375%;--awb-spacing-left-small:2.375%;\"><div class=\"fusion-column-wrapper fusion-column-has-shadow fusion-flex-justify-content-flex-start fusion-content-layout-column\"><\/div><\/div><\/div><\/div>\n","protected":false},"excerpt":{"rendered":"","protected":false},"author":2,"featured_media":0,"parent":0,"menu_order":0,"comment_status":"closed","ping_status":"closed","template":"100-width.php","meta":{"footnotes":""},"class_list":["post-2304","page","type-page","status-publish","hentry"],"acf":[],"yoast_head":"<!-- This site is optimized with the Yoast SEO plugin v27.5 - https:\/\/yoast.com\/product\/yoast-seo-wordpress\/ -->\n<title>Archives - le site de Thierry Groensteen<\/title>\n<meta name=\"description\" content=\"Historien et th\u00e9oricien de la bande dessin\u00e9e, Thierry Groensteen r\u00e9capitule sa carri\u00e8re et livre, au fil des pages de son blog, ses r\u00e9flexions sur l\u2019image dessin\u00e9e, inspir\u00e9es ou non par l\u2019actualit\u00e9.\" \/>\n<meta name=\"robots\" content=\"index, follow, max-snippet:-1, max-image-preview:large, max-video-preview:-1\" \/>\n<link rel=\"canonical\" href=\"https:\/\/www.thierry-groensteen.fr\/index.php\/archives\/\" \/>\n<meta property=\"og:locale\" content=\"fr_FR\" \/>\n<meta property=\"og:type\" content=\"article\" \/>\n<meta property=\"og:title\" content=\"Archives - le site de Thierry Groensteen\" \/>\n<meta property=\"og:description\" content=\"Historien et th\u00e9oricien de la bande dessin\u00e9e, Thierry Groensteen r\u00e9capitule sa carri\u00e8re et livre, au fil des pages de son blog, ses r\u00e9flexions sur l\u2019image dessin\u00e9e, inspir\u00e9es ou non par l\u2019actualit\u00e9.\" \/>\n<meta property=\"og:url\" content=\"https:\/\/www.thierry-groensteen.fr\/index.php\/archives\/\" \/>\n<meta property=\"og:site_name\" content=\"le site de Thierry Groensteen\" \/>\n<meta property=\"article:modified_time\" content=\"2023-12-01T12:20:18+00:00\" \/>\n<meta property=\"og:image\" content=\"https:\/\/www.thierry-groensteen.fr\/wp-content\/uploads\/2023\/03\/logo_ThierryGroensteen_header.png\" \/>\n\t<meta property=\"og:image:width\" content=\"539\" \/>\n\t<meta property=\"og:image:height\" content=\"240\" \/>\n\t<meta property=\"og:image:type\" content=\"image\/png\" \/>\n<meta name=\"twitter:card\" content=\"summary_large_image\" \/>\n<meta name=\"twitter:label1\" content=\"Dur\u00e9e de lecture estim\u00e9e\" \/>\n\t<meta name=\"twitter:data1\" content=\"4 minutes\" \/>\n<script type=\"application\/ld+json\" class=\"yoast-schema-graph\">{\"@context\":\"https:\\\/\\\/schema.org\",\"@graph\":[{\"@type\":\"WebPage\",\"@id\":\"https:\\\/\\\/www.thierry-groensteen.fr\\\/index.php\\\/archives\\\/\",\"url\":\"https:\\\/\\\/www.thierry-groensteen.fr\\\/index.php\\\/archives\\\/\",\"name\":\"Archives - le site de Thierry Groensteen\",\"isPartOf\":{\"@id\":\"https:\\\/\\\/www.thierry-groensteen.fr\\\/#website\"},\"datePublished\":\"2023-09-25T10:02:42+00:00\",\"dateModified\":\"2023-12-01T12:20:18+00:00\",\"description\":\"Historien et th\u00e9oricien de la bande dessin\u00e9e, Thierry Groensteen r\u00e9capitule sa carri\u00e8re et livre, au fil des pages de son blog, ses r\u00e9flexions sur l\u2019image dessin\u00e9e, inspir\u00e9es ou non par l\u2019actualit\u00e9.\",\"breadcrumb\":{\"@id\":\"https:\\\/\\\/www.thierry-groensteen.fr\\\/index.php\\\/archives\\\/#breadcrumb\"},\"inLanguage\":\"fr-FR\",\"potentialAction\":[{\"@type\":\"ReadAction\",\"target\":[\"https:\\\/\\\/www.thierry-groensteen.fr\\\/index.php\\\/archives\\\/\"]}]},{\"@type\":\"BreadcrumbList\",\"@id\":\"https:\\\/\\\/www.thierry-groensteen.fr\\\/index.php\\\/archives\\\/#breadcrumb\",\"itemListElement\":[{\"@type\":\"ListItem\",\"position\":1,\"name\":\"Accueil\",\"item\":\"https:\\\/\\\/www.thierry-groensteen.fr\\\/\"},{\"@type\":\"ListItem\",\"position\":2,\"name\":\"Archives\"}]},{\"@type\":\"WebSite\",\"@id\":\"https:\\\/\\\/www.thierry-groensteen.fr\\\/#website\",\"url\":\"https:\\\/\\\/www.thierry-groensteen.fr\\\/\",\"name\":\"le site de Thierry Groensteen\",\"description\":\"site officiel\",\"publisher\":{\"@id\":\"https:\\\/\\\/www.thierry-groensteen.fr\\\/#\\\/schema\\\/person\\\/3695d4890604be69f280ebbb549210b5\"},\"potentialAction\":[{\"@type\":\"SearchAction\",\"target\":{\"@type\":\"EntryPoint\",\"urlTemplate\":\"https:\\\/\\\/www.thierry-groensteen.fr\\\/?s={search_term_string}\"},\"query-input\":{\"@type\":\"PropertyValueSpecification\",\"valueRequired\":true,\"valueName\":\"search_term_string\"}}],\"inLanguage\":\"fr-FR\"},{\"@type\":[\"Person\",\"Organization\"],\"@id\":\"https:\\\/\\\/www.thierry-groensteen.fr\\\/#\\\/schema\\\/person\\\/3695d4890604be69f280ebbb549210b5\",\"name\":\"TG\",\"image\":{\"@type\":\"ImageObject\",\"inLanguage\":\"fr-FR\",\"@id\":\"https:\\\/\\\/www.thierry-groensteen.fr\\\/wp-content\\\/uploads\\\/2023\\\/09\\\/logo_ThierryGroensteen_header.png\",\"url\":\"https:\\\/\\\/www.thierry-groensteen.fr\\\/wp-content\\\/uploads\\\/2023\\\/09\\\/logo_ThierryGroensteen_header.png\",\"contentUrl\":\"https:\\\/\\\/www.thierry-groensteen.fr\\\/wp-content\\\/uploads\\\/2023\\\/09\\\/logo_ThierryGroensteen_header.png\",\"width\":620,\"height\":240,\"caption\":\"TG\"},\"logo\":{\"@id\":\"https:\\\/\\\/www.thierry-groensteen.fr\\\/wp-content\\\/uploads\\\/2023\\\/09\\\/logo_ThierryGroensteen_header.png\"},\"sameAs\":[\"https:\\\/\\\/www.thierry-groensteen.fr\"]}]}<\/script>\n<!-- \/ Yoast SEO plugin. -->","yoast_head_json":{"title":"Archives - le site de Thierry Groensteen","description":"Historien et th\u00e9oricien de la bande dessin\u00e9e, Thierry Groensteen r\u00e9capitule sa carri\u00e8re et livre, au fil des pages de son blog, ses r\u00e9flexions sur l\u2019image dessin\u00e9e, inspir\u00e9es ou non par l\u2019actualit\u00e9.","robots":{"index":"index","follow":"follow","max-snippet":"max-snippet:-1","max-image-preview":"max-image-preview:large","max-video-preview":"max-video-preview:-1"},"canonical":"https:\/\/www.thierry-groensteen.fr\/index.php\/archives\/","og_locale":"fr_FR","og_type":"article","og_title":"Archives - le site de Thierry Groensteen","og_description":"Historien et th\u00e9oricien de la bande dessin\u00e9e, Thierry Groensteen r\u00e9capitule sa carri\u00e8re et livre, au fil des pages de son blog, ses r\u00e9flexions sur l\u2019image dessin\u00e9e, inspir\u00e9es ou non par l\u2019actualit\u00e9.","og_url":"https:\/\/www.thierry-groensteen.fr\/index.php\/archives\/","og_site_name":"le site de Thierry Groensteen","article_modified_time":"2023-12-01T12:20:18+00:00","og_image":[{"width":539,"height":240,"url":"https:\/\/www.thierry-groensteen.fr\/wp-content\/uploads\/2023\/03\/logo_ThierryGroensteen_header.png","type":"image\/png"}],"twitter_card":"summary_large_image","twitter_misc":{"Dur\u00e9e de lecture estim\u00e9e":"4 minutes"},"schema":{"@context":"https:\/\/schema.org","@graph":[{"@type":"WebPage","@id":"https:\/\/www.thierry-groensteen.fr\/index.php\/archives\/","url":"https:\/\/www.thierry-groensteen.fr\/index.php\/archives\/","name":"Archives - le site de Thierry Groensteen","isPartOf":{"@id":"https:\/\/www.thierry-groensteen.fr\/#website"},"datePublished":"2023-09-25T10:02:42+00:00","dateModified":"2023-12-01T12:20:18+00:00","description":"Historien et th\u00e9oricien de la bande dessin\u00e9e, Thierry Groensteen r\u00e9capitule sa carri\u00e8re et livre, au fil des pages de son blog, ses r\u00e9flexions sur l\u2019image dessin\u00e9e, inspir\u00e9es ou non par l\u2019actualit\u00e9.","breadcrumb":{"@id":"https:\/\/www.thierry-groensteen.fr\/index.php\/archives\/#breadcrumb"},"inLanguage":"fr-FR","potentialAction":[{"@type":"ReadAction","target":["https:\/\/www.thierry-groensteen.fr\/index.php\/archives\/"]}]},{"@type":"BreadcrumbList","@id":"https:\/\/www.thierry-groensteen.fr\/index.php\/archives\/#breadcrumb","itemListElement":[{"@type":"ListItem","position":1,"name":"Accueil","item":"https:\/\/www.thierry-groensteen.fr\/"},{"@type":"ListItem","position":2,"name":"Archives"}]},{"@type":"WebSite","@id":"https:\/\/www.thierry-groensteen.fr\/#website","url":"https:\/\/www.thierry-groensteen.fr\/","name":"le site de Thierry Groensteen","description":"site officiel","publisher":{"@id":"https:\/\/www.thierry-groensteen.fr\/#\/schema\/person\/3695d4890604be69f280ebbb549210b5"},"potentialAction":[{"@type":"SearchAction","target":{"@type":"EntryPoint","urlTemplate":"https:\/\/www.thierry-groensteen.fr\/?s={search_term_string}"},"query-input":{"@type":"PropertyValueSpecification","valueRequired":true,"valueName":"search_term_string"}}],"inLanguage":"fr-FR"},{"@type":["Person","Organization"],"@id":"https:\/\/www.thierry-groensteen.fr\/#\/schema\/person\/3695d4890604be69f280ebbb549210b5","name":"TG","image":{"@type":"ImageObject","inLanguage":"fr-FR","@id":"https:\/\/www.thierry-groensteen.fr\/wp-content\/uploads\/2023\/09\/logo_ThierryGroensteen_header.png","url":"https:\/\/www.thierry-groensteen.fr\/wp-content\/uploads\/2023\/09\/logo_ThierryGroensteen_header.png","contentUrl":"https:\/\/www.thierry-groensteen.fr\/wp-content\/uploads\/2023\/09\/logo_ThierryGroensteen_header.png","width":620,"height":240,"caption":"TG"},"logo":{"@id":"https:\/\/www.thierry-groensteen.fr\/wp-content\/uploads\/2023\/09\/logo_ThierryGroensteen_header.png"},"sameAs":["https:\/\/www.thierry-groensteen.fr"]}]}},"_links":{"self":[{"href":"https:\/\/www.thierry-groensteen.fr\/index.php\/wp-json\/wp\/v2\/pages\/2304","targetHints":{"allow":["GET"]}}],"collection":[{"href":"https:\/\/www.thierry-groensteen.fr\/index.php\/wp-json\/wp\/v2\/pages"}],"about":[{"href":"https:\/\/www.thierry-groensteen.fr\/index.php\/wp-json\/wp\/v2\/types\/page"}],"author":[{"embeddable":true,"href":"https:\/\/www.thierry-groensteen.fr\/index.php\/wp-json\/wp\/v2\/users\/2"}],"replies":[{"embeddable":true,"href":"https:\/\/www.thierry-groensteen.fr\/index.php\/wp-json\/wp\/v2\/comments?post=2304"}],"version-history":[{"count":27,"href":"https:\/\/www.thierry-groensteen.fr\/index.php\/wp-json\/wp\/v2\/pages\/2304\/revisions"}],"predecessor-version":[{"id":2691,"href":"https:\/\/www.thierry-groensteen.fr\/index.php\/wp-json\/wp\/v2\/pages\/2304\/revisions\/2691"}],"wp:attachment":[{"href":"https:\/\/www.thierry-groensteen.fr\/index.php\/wp-json\/wp\/v2\/media?parent=2304"}],"curies":[{"name":"wp","href":"https:\/\/api.w.org\/{rel}","templated":true}]}}