{"version":"1.0","provider_name":"le site de Thierry Groensteen","provider_url":"https:\/\/www.thierry-groensteen.fr","author_name":"TG","author_url":"https:\/\/www.thierry-groensteen.fr\/index.php\/author\/admin5797\/","title":"Au bazar du surr\u00e9alisme - le site de Thierry Groensteen","type":"rich","width":600,"height":338,"html":"<blockquote class=\"wp-embedded-content\" data-secret=\"CN31SLVMR2\"><a href=\"https:\/\/www.thierry-groensteen.fr\/index.php\/2024\/09\/22\/au-bazar-du-surrealisme\/\">Au bazar du surr\u00e9alisme<\/a><\/blockquote><iframe sandbox=\"allow-scripts\" security=\"restricted\" src=\"https:\/\/www.thierry-groensteen.fr\/index.php\/2024\/09\/22\/au-bazar-du-surrealisme\/embed\/#?secret=CN31SLVMR2\" width=\"600\" height=\"338\" title=\"\u00ab\u00a0Au bazar du surr\u00e9alisme\u00a0\u00bb &#8212; le site de Thierry Groensteen\" data-secret=\"CN31SLVMR2\" frameborder=\"0\" marginwidth=\"0\" marginheight=\"0\" scrolling=\"no\" class=\"wp-embedded-content\"><\/iframe><script type=\"text\/javascript\">\n\/* <![CDATA[ *\/\n\/*! This file is auto-generated *\/\n!function(d,l){\"use strict\";l.querySelector&&d.addEventListener&&\"undefined\"!=typeof URL&&(d.wp=d.wp||{},d.wp.receiveEmbedMessage||(d.wp.receiveEmbedMessage=function(e){var t=e.data;if((t||t.secret||t.message||t.value)&&!\/[^a-zA-Z0-9]\/.test(t.secret)){for(var s,r,n,a=l.querySelectorAll('iframe[data-secret=\"'+t.secret+'\"]'),o=l.querySelectorAll('blockquote[data-secret=\"'+t.secret+'\"]'),c=new RegExp(\"^https?:$\",\"i\"),i=0;i<o.length;i++)o[i].style.display=\"none\";for(i=0;i<a.length;i++)s=a[i],e.source===s.contentWindow&&(s.removeAttribute(\"style\"),\"height\"===t.message?(1e3<(r=parseInt(t.value,10))?r=1e3:~~r<200&&(r=200),s.height=r):\"link\"===t.message&&(r=new URL(s.getAttribute(\"src\")),n=new URL(t.value),c.test(n.protocol))&&n.host===r.host&&l.activeElement===s&&(d.top.location.href=t.value))}},d.addEventListener(\"message\",d.wp.receiveEmbedMessage,!1),l.addEventListener(\"DOMContentLoaded\",function(){for(var e,t,s=l.querySelectorAll(\"iframe.wp-embedded-content\"),r=0;r<s.length;r++)(t=(e=s[r]).getAttribute(\"data-secret\"))||(t=Math.random().toString(36).substring(2,12),e.src+=\"#?secret=\"+t,e.setAttribute(\"data-secret\",t)),e.contentWindow.postMessage({message:\"ready\",secret:t},\"*\")},!1)))}(window,document);\n\/\/# sourceURL=https:\/\/www.thierry-groensteen.fr\/wp-includes\/js\/wp-embed.min.js\n\/* ]]> *\/\n<\/script>\n","thumbnail_url":"https:\/\/www.thierry-groensteen.fr\/wp-content\/uploads\/2024\/09\/couve-Rayon-invisible-scaled-e1726120343366.jpg","thumbnail_width":1817,"thumbnail_height":832,"description":"Le Rayon invisible\u00a0: attention \u00e0 ce titre qui fait songer \u00e0 quelque roman de science-fiction et pourrait abuser plus d\u2019un lecteur. C\u2019est celui qu\u2019a choisi de donner l\u2019artiste franco-\u00e9cossais Damien MacDonald \u00e0 l\u2019album de bande dessin\u00e9e qu\u2019il vient de faire para\u00eetre chez Deno\u00ebl Graphic, \u00e0 l\u2019occasion de l\u2019exposition c\u00e9l\u00e9brant le centenaire du surr\u00e9alisme au [&hellip;]"}