{"version":"1.0","provider_name":"le site de Thierry Groensteen","provider_url":"https:\/\/www.thierry-groensteen.fr","author_name":"TG","author_url":"https:\/\/www.thierry-groensteen.fr\/index.php\/author\/admin5797\/","title":"Emanata : Herg\u00e9 et la grammaire des \u00e9motions - le site de Thierry Groensteen","type":"rich","width":600,"height":338,"html":"<blockquote class=\"wp-embedded-content\" data-secret=\"It8krFCeOz\"><a href=\"https:\/\/www.thierry-groensteen.fr\/index.php\/2024\/02\/16\/emanata-herge-et-la-grammaire-des-emotions\/\">Emanata : Herg\u00e9 et la grammaire des \u00e9motions<\/a><\/blockquote><iframe sandbox=\"allow-scripts\" security=\"restricted\" src=\"https:\/\/www.thierry-groensteen.fr\/index.php\/2024\/02\/16\/emanata-herge-et-la-grammaire-des-emotions\/embed\/#?secret=It8krFCeOz\" width=\"600\" height=\"338\" title=\"\u00ab\u00a0Emanata : Herg\u00e9 et la grammaire des \u00e9motions\u00a0\u00bb &#8212; le site de Thierry Groensteen\" data-secret=\"It8krFCeOz\" frameborder=\"0\" marginwidth=\"0\" marginheight=\"0\" scrolling=\"no\" class=\"wp-embedded-content\"><\/iframe><script type=\"text\/javascript\">\n\/* <![CDATA[ *\/\n\/*! This file is auto-generated *\/\n!function(d,l){\"use strict\";l.querySelector&&d.addEventListener&&\"undefined\"!=typeof URL&&(d.wp=d.wp||{},d.wp.receiveEmbedMessage||(d.wp.receiveEmbedMessage=function(e){var t=e.data;if((t||t.secret||t.message||t.value)&&!\/[^a-zA-Z0-9]\/.test(t.secret)){for(var s,r,n,a=l.querySelectorAll('iframe[data-secret=\"'+t.secret+'\"]'),o=l.querySelectorAll('blockquote[data-secret=\"'+t.secret+'\"]'),c=new RegExp(\"^https?:$\",\"i\"),i=0;i<o.length;i++)o[i].style.display=\"none\";for(i=0;i<a.length;i++)s=a[i],e.source===s.contentWindow&&(s.removeAttribute(\"style\"),\"height\"===t.message?(1e3<(r=parseInt(t.value,10))?r=1e3:~~r<200&&(r=200),s.height=r):\"link\"===t.message&&(r=new URL(s.getAttribute(\"src\")),n=new URL(t.value),c.test(n.protocol))&&n.host===r.host&&l.activeElement===s&&(d.top.location.href=t.value))}},d.addEventListener(\"message\",d.wp.receiveEmbedMessage,!1),l.addEventListener(\"DOMContentLoaded\",function(){for(var e,t,s=l.querySelectorAll(\"iframe.wp-embedded-content\"),r=0;r<s.length;r++)(t=(e=s[r]).getAttribute(\"data-secret\"))||(t=Math.random().toString(36).substring(2,12),e.src+=\"#?secret=\"+t,e.setAttribute(\"data-secret\",t)),e.contentWindow.postMessage({message:\"ready\",secret:t},\"*\")},!1)))}(window,document);\n\/\/# sourceURL=https:\/\/www.thierry-groensteen.fr\/wp-includes\/js\/wp-embed.min.js\n\/* ]]> *\/\n<\/script>\n","thumbnail_url":"https:\/\/www.thierry-groensteen.fr\/wp-content\/uploads\/2024\/02\/les-bijoux-de-la-castafiore-fr-e1707372537413.jpg","thumbnail_width":1700,"thumbnail_height":779,"description":"Parmi les codes de l\u2019expression mis au point par Herg\u00e9, peut-\u00eatre n\u2019a-t-on pas, jusqu\u2019\u00e0 pr\u00e9sent, port\u00e9 suffisamment d\u2019attention aux emanata \u2013 terme g\u00e9n\u00e9rique propos\u00e9 par le cartoonist Mort Walker (le cr\u00e9ateur de Beetle Bailey) pour d\u00e9signer les gouttelettes, spirales, \u00e9toiles, traits cin\u00e9tiques et autres signes graphiques conventionnels dont le ma\u00eetre bruxellois usait en surabondance. [&hellip;]"}