{"version":"1.0","provider_name":"le site de Thierry Groensteen","provider_url":"https:\/\/www.thierry-groensteen.fr","author_name":"TG","author_url":"https:\/\/www.thierry-groensteen.fr\/index.php\/author\/admin5797\/","title":"Wolinski au carr\u00e9 - le site de Thierry Groensteen","type":"rich","width":600,"height":338,"html":"<blockquote class=\"wp-embedded-content\" data-secret=\"RlR1BpuAzh\"><a href=\"https:\/\/www.thierry-groensteen.fr\/index.php\/2024\/01\/01\/wolinski-au-carre\/\">Wolinski au carr\u00e9<\/a><\/blockquote><iframe sandbox=\"allow-scripts\" security=\"restricted\" src=\"https:\/\/www.thierry-groensteen.fr\/index.php\/2024\/01\/01\/wolinski-au-carre\/embed\/#?secret=RlR1BpuAzh\" width=\"600\" height=\"338\" title=\"\u00ab\u00a0Wolinski au carr\u00e9\u00a0\u00bb &#8212; le site de Thierry Groensteen\" data-secret=\"RlR1BpuAzh\" frameborder=\"0\" marginwidth=\"0\" marginheight=\"0\" scrolling=\"no\" class=\"wp-embedded-content\"><\/iframe><script type=\"text\/javascript\">\n\/* <![CDATA[ *\/\n\/*! This file is auto-generated *\/\n!function(d,l){\"use strict\";l.querySelector&&d.addEventListener&&\"undefined\"!=typeof URL&&(d.wp=d.wp||{},d.wp.receiveEmbedMessage||(d.wp.receiveEmbedMessage=function(e){var t=e.data;if((t||t.secret||t.message||t.value)&&!\/[^a-zA-Z0-9]\/.test(t.secret)){for(var s,r,n,a=l.querySelectorAll('iframe[data-secret=\"'+t.secret+'\"]'),o=l.querySelectorAll('blockquote[data-secret=\"'+t.secret+'\"]'),c=new RegExp(\"^https?:$\",\"i\"),i=0;i<o.length;i++)o[i].style.display=\"none\";for(i=0;i<a.length;i++)s=a[i],e.source===s.contentWindow&&(s.removeAttribute(\"style\"),\"height\"===t.message?(1e3<(r=parseInt(t.value,10))?r=1e3:~~r<200&&(r=200),s.height=r):\"link\"===t.message&&(r=new URL(s.getAttribute(\"src\")),n=new URL(t.value),c.test(n.protocol))&&n.host===r.host&&l.activeElement===s&&(d.top.location.href=t.value))}},d.addEventListener(\"message\",d.wp.receiveEmbedMessage,!1),l.addEventListener(\"DOMContentLoaded\",function(){for(var e,t,s=l.querySelectorAll(\"iframe.wp-embedded-content\"),r=0;r<s.length;r++)(t=(e=s[r]).getAttribute(\"data-secret\"))||(t=Math.random().toString(36).substring(2,12),e.src+=\"#?secret=\"+t,e.setAttribute(\"data-secret\",t)),e.contentWindow.postMessage({message:\"ready\",secret:t},\"*\")},!1)))}(window,document);\n\/\/# sourceURL=https:\/\/www.thierry-groensteen.fr\/wp-includes\/js\/wp-embed.min.js\n\/* ]]> *\/\n<\/script>\n","thumbnail_url":"https:\/\/www.thierry-groensteen.fr\/wp-content\/uploads\/2023\/12\/Wolinski-2-1-e1703141322661.jpg","thumbnail_width":1224,"thumbnail_height":560,"description":"Du regrett\u00e9 Georges Wolinski, on a surtout retenu un dessin abr\u00e9viatif r\u00e9duit \u00e0 l\u2019essentiel, des dialogues percutants, un sens aigu de la d\u00e9rision, une inspiration souvent paillarde n\u2019excluant pas la tendresse. En se penchant sur des d\u00e9buts dans Hara-Kiri, on voit bri\u00e8vement affleurer une autre veine, dans laquelle il ne pers\u00e9v\u00e9rera pas\u00a0: celle d\u2019un [&hellip;]"}