{"version":"1.0","provider_name":"le site de Thierry Groensteen","provider_url":"https:\/\/www.thierry-groensteen.fr","author_name":"TG","author_url":"https:\/\/www.thierry-groensteen.fr\/index.php\/author\/admin5797\/","title":"Agn\u00e8s Varda h\u00e9ro\u00efne de BD en\u20261955 - le site de Thierry Groensteen","type":"rich","width":600,"height":338,"html":"<blockquote class=\"wp-embedded-content\" data-secret=\"zsPkUzLEks\"><a href=\"https:\/\/www.thierry-groensteen.fr\/index.php\/2023\/11\/25\/agnes-varda-heroine-de-bd-en1955\/\">Agn\u00e8s Varda h\u00e9ro\u00efne de BD en\u20261955<\/a><\/blockquote><iframe sandbox=\"allow-scripts\" security=\"restricted\" src=\"https:\/\/www.thierry-groensteen.fr\/index.php\/2023\/11\/25\/agnes-varda-heroine-de-bd-en1955\/embed\/#?secret=zsPkUzLEks\" width=\"600\" height=\"338\" title=\"\u00ab\u00a0Agn\u00e8s Varda h\u00e9ro\u00efne de BD en\u20261955\u00a0\u00bb &#8212; le site de Thierry Groensteen\" data-secret=\"zsPkUzLEks\" frameborder=\"0\" marginwidth=\"0\" marginheight=\"0\" scrolling=\"no\" class=\"wp-embedded-content\"><\/iframe><script type=\"text\/javascript\">\n\/* <![CDATA[ *\/\n\/*! This file is auto-generated *\/\n!function(d,l){\"use strict\";l.querySelector&&d.addEventListener&&\"undefined\"!=typeof URL&&(d.wp=d.wp||{},d.wp.receiveEmbedMessage||(d.wp.receiveEmbedMessage=function(e){var t=e.data;if((t||t.secret||t.message||t.value)&&!\/[^a-zA-Z0-9]\/.test(t.secret)){for(var s,r,n,a=l.querySelectorAll('iframe[data-secret=\"'+t.secret+'\"]'),o=l.querySelectorAll('blockquote[data-secret=\"'+t.secret+'\"]'),c=new RegExp(\"^https?:$\",\"i\"),i=0;i<o.length;i++)o[i].style.display=\"none\";for(i=0;i<a.length;i++)s=a[i],e.source===s.contentWindow&&(s.removeAttribute(\"style\"),\"height\"===t.message?(1e3<(r=parseInt(t.value,10))?r=1e3:~~r<200&&(r=200),s.height=r):\"link\"===t.message&&(r=new URL(s.getAttribute(\"src\")),n=new URL(t.value),c.test(n.protocol))&&n.host===r.host&&l.activeElement===s&&(d.top.location.href=t.value))}},d.addEventListener(\"message\",d.wp.receiveEmbedMessage,!1),l.addEventListener(\"DOMContentLoaded\",function(){for(var e,t,s=l.querySelectorAll(\"iframe.wp-embedded-content\"),r=0;r<s.length;r++)(t=(e=s[r]).getAttribute(\"data-secret\"))||(t=Math.random().toString(36).substring(2,12),e.src+=\"#?secret=\"+t,e.setAttribute(\"data-secret\",t)),e.contentWindow.postMessage({message:\"ready\",secret:t},\"*\")},!1)))}(window,document);\n\/\/# sourceURL=https:\/\/www.thierry-groensteen.fr\/wp-includes\/js\/wp-embed.min.js\n\/* ]]> *\/\n<\/script>\n","thumbnail_url":"https:\/\/www.thierry-groensteen.fr\/wp-content\/uploads\/2023\/11\/Little-Varda-1-e1700487508834.jpg","thumbnail_width":1631,"thumbnail_height":747,"description":"D\u00e9couverte inattendue, lors de la visite de l\u2019exposition Viva Varda\u00a0! actuellement pr\u00e9sent\u00e9e \u00e0 la Cin\u00e9math\u00e8que de Paris\u00a0: on peut y voir une petite bande dessin\u00e9e de la main de Chris Marker intitul\u00e9e Little Varda. Mill\u00e9sim\u00e9e 1955, elle met malicieusement en sc\u00e8ne la r\u00e9alisatrice de La Pointe courte, cam\u00e9ra \u00e0 la main et entour\u00e9e de [&hellip;]"}